{"id":8815,"date":"2022-02-15T17:20:16","date_gmt":"2022-02-15T17:20:16","guid":{"rendered":"https:\/\/barodevel.com\/?page_id=8815"},"modified":"2022-02-18T14:08:18","modified_gmt":"2022-02-18T14:08:18","slug":"condicions-generals-de-venda","status":"publish","type":"page","link":"https:\/\/barodevel.com\/ca\/condicions-generals-de-venda\/","title":{"rendered":"Condicions generals de venda"},"content":{"rendered":"<p>OBJECTE<\/p>\n<p>Aquestes condicions generals de venda estableixen les condicions aplicables a les vendes subscrites entre:<\/p>\n<p>d\u2019una banda, les persones f\u00edsiques que vulguin efectuar una compra a trav\u00e9s de la p\u00e0gina https:\/\/barodevel.com, d\u2019ara endavant, el client,<br \/>\ni, de l\u2019altra, l\u2019empresa Baro d\u2019Evel, que s\u2019encarrega de l\u2019explotaci\u00f3 de la p\u00e0gina d\u2019internet esmentada.<\/p>\n<p>Baro d&#8217;Evel es reserva el dret de modificar aquestes CGV en qualsevol moment. Poden consultar-se a la p\u00e0gina web https:\/\/barodevel.com. Qualsevol modificaci\u00f3 entrar\u00e0 en vigor a partir del moment en qu\u00e8 es posin en l\u00ednia les CGV modificades. Abans de validar qualsevol comanda, es posen en coneixement del client i aquest les ha d\u2019acceptar sense reserves.<\/p>\n<p>PRODUCTES \u2013 EXIST\u00c8NCIES<\/p>\n<p>La informaci\u00f3 que figura a les fitxes dels productes permet al client con\u00e8ixer les caracter\u00edstiques del producte abans de formular-ne la comanda. Aix\u00ed doncs, no s\u2019acceptar\u00e0 cap reclamaci\u00f3 derivada d\u2019una neglig\u00e8ncia en la comprovaci\u00f3 de la informaci\u00f3.<\/p>\n<p>Les exist\u00e8ncies s\u2019indiquen en temps real a la p\u00e0gina web. No obstant aix\u00f2, pot passar que un producte que aparegui en exist\u00e8ncies en el moment de fer la comanda no ho estigui quan se\u2019n prepari l\u2019enviament. En aquest cas, Baro d\u2019Evel es compromet a informar el client al m\u00e9s aviat possible i a proposar-li una soluci\u00f3 satisfact\u00f2ria per a totes dues parts (reemborsament o nota de cr\u00e8dit).<\/p>\n<p>PREU \u2013 PAGAMENT<\/p>\n<p>Els preus indicats a la p\u00e0gina web inclouen tots els impostos, per\u00f2 no les despeses d\u2019enviament. Baro d\u2019Evel es reserva el dret de repercutir qualsevol canvi del tipus d\u2019IVA en els preus indicats a la p\u00e0gina web i de modificar-ne els preus en qualsevol moment. No obstant aix\u00f2, nom\u00e9s es podr\u00e0 exigir al client el preu indicat en el moment de fer la comanda.<\/p>\n<p>Durant la validaci\u00f3 cal abonar l\u2019import \u00edntegre de la comanda. El pagament es dur\u00e0 a terme mitjan\u00e7ant targeta de cr\u00e8dit segura a trav\u00e9s del m\u00f2dul de pagament de l\u2019empresa col\u00b7laboradora Stripe. La comanda nom\u00e9s quedar\u00e0 validada un cop se certifiqui el cobrament del pagament. Si un pagament no es valida, la comanda ser\u00e0 anul\u00b7lada i Baro d\u2019Evel n\u2019informar\u00e0 el client.<\/p>\n<p>Baro d\u2019Evel es reserva el dret de rebutjar una comanda d\u2019un client que no hagi liquidat \u00edntegrament una comanda anterior o amb el qual no s\u2019hagi resolt una disputa relativa a un pagament. Baro d\u2019Evel no es fa responsable de l\u2019\u00fas fraudulent de qualsevol mitj\u00e0 de pagament.<\/p>\n<p>LLIURAMENT<\/p>\n<p>Els lliuraments s\u2019efectuaran a l\u2019adre\u00e7a indicada al formulari de la comanda. La informaci\u00f3 facilitada a Baro d\u2019Evel en el moment de tramitar la comanda \u00e9s responsabilitat del client. Un cop validada la comanda, aquesta informaci\u00f3 no es pot modificar. En cas d\u2019error en les dades del destinatari, Baro d\u2019Evel no es fa responsable de la impossibilitat de lliurar els articles sol\u00b7licitats.<\/p>\n<p>La comanda s\u2019enviar\u00e0 en un termini de 2 dies laborables a partir del primer dia laborable posterior a la data de la comanda.<\/p>\n<p>Els riscos s\u00f3n assumits pel client des del moment en qu\u00e8 els productes surten de les instal\u00b7lacions de Baro d\u2019Evel. En cas que es produeixin desperfectes durant el transport, haur\u00e0 de presentar-se una reclamaci\u00f3 justificada al transportista en un termini de tres dies a comptar des del lliurament.<\/p>\n<p>RETRACTACI\u00d3<\/p>\n<p>Tots els clients particulars (persones f\u00edsiques) gaudeixen d\u2019un termini de retractaci\u00f3 de catorze (14) dies a partir de la data de recepci\u00f3 de la comanda. Independentment del motiu del desistiment, caldr\u00e0 notificar-ho a Baro d\u2019Evel dins del termini indicat per correu electr\u00f2nic o postal, indicant que s\u2019acull al seu dret de retractaci\u00f3. A continuaci\u00f3, s\u2019hauran de retornar els productes al m\u00e9s aviat possible i, com a m\u00e0xim, en el per\u00edode dels catorze (14) dies posteriors a la comunicaci\u00f3 de la decisi\u00f3 de desistir de la compra. Els productes hauran de ser enviats en perfecte estat, en el seu embalatge original i en condicions que permetin a Baro d\u2019Evel tornar a posar-los a la venda a l\u2019adre\u00e7a seg\u00fcent:<\/p>\n<p>Baro d\u2019Evel<br \/>\nLa Grainerie<br \/>\n61 Rue Saint-Jean<br \/>\n31130 Balmar<br \/>\nFran\u00e7a<\/p>\n<p>Cal especificar que les despeses i els riscos associats a la devoluci\u00f3 corren a c\u00e0rrec seu. No tindr\u00e0 dret a cap reemborsament per part de Baro d\u2019Evel. Li recomanem que conservi tots els justificants d\u2019aquesta devoluci\u00f3. Una vegada s\u2019hagin rebut els productes, se li reemborsar\u00e0 l\u2019import total abonat, incloses les despeses d\u2019enviament inicials.<\/p>\n<p>RESPONSABILITATS<\/p>\n<p>Baro d\u2019Evel es compromet a posar tota la cura habitual en la professi\u00f3 per satisfer els seus clients. Malgrat tot, Baro d\u2019Evel no podr\u00e0 ser considerat responsable de l\u2019incompliment del contracte subscrit a conseq\u00fc\u00e8ncia d\u2019un fet fortu\u00eft o d\u2019un cas de for\u00e7a major, com ara cat\u00e0strofes naturals, incendis, inundacions, defici\u00e8ncies o avaries dels equips, dels mitjans de transport, de la comunicaci\u00f3 o arran de l\u2019actuaci\u00f3 del client, entre altres.<\/p>\n<p>Baro d\u2019Evel no es fa responsable de cap retard causat per un prove\u00efdor. En qualsevol cas, la responsabilitat de Baro d\u2019Evel queda limitada a l\u2019import de la comanda.<\/p>\n<p>PROPIETAT INTEL\u00b7LECTUAL<\/p>\n<p>Tots els continguts de la p\u00e0gina web de Baro d\u2019Evel s\u00f3n, i continuen sent, de la seva propietat intel\u00b7lectual en exclusiva. Ning\u00fa no est\u00e0 autoritzat a reproduir, explotar, retransmetre o fer servir sota cap concepte, ni que sigui parcialment, cap contingut de la p\u00e0gina, ja es tracti de programari, elements visuals o sonors.<\/p>\n<p>SOLUCI\u00d3 DE CONTROV\u00c8RSIES<\/p>\n<p>Aquestes condicions de venda en l\u00ednia es regeixen per la legislaci\u00f3 francesa. En cas de litigi, la jurisdicci\u00f3 recaur\u00e0 en els tribunals competents.<\/p>\n","protected":false},"excerpt":{"rendered":"<p>OBJECTE Aquestes condicions generals de venda estableixen les condicions aplicables a les vendes subscrites entre: d\u2019una banda, les persones f\u00edsiques que vulguin efectuar una compra a trav\u00e9s de la p\u00e0gina https:\/\/barodevel.com, d\u2019ara endavant, el client, i, de l\u2019altra, l\u2019empresa Baro d\u2019Evel, que s\u2019encarrega de l\u2019explotaci\u00f3 de la p\u00e0gina d\u2019internet esmentada. Baro d&#8217;Evel es reserva el [&hellip;]<\/p>\n","protected":false},"author":2,"featured_media":0,"parent":0,"menu_order":0,"comment_status":"closed","ping_status":"closed","template":"","meta":{"footnotes":""},"class_list":["post-8815","page","type-page","status-publish","hentry"],"yoast_head":"<!-- This site is optimized with the Yoast SEO plugin v26.9 - https:\/\/yoast.com\/product\/yoast-seo-wordpress\/ -->\n<title>Condicions generals de venda - Baro d&#039;evel<\/title>\n<meta name=\"robots\" content=\"index, follow, max-snippet:-1, max-image-preview:large, max-video-preview:-1\" \/>\n<link rel=\"canonical\" href=\"https:\/\/barodevel.com\/ca\/condicions-generals-de-venda\/\" \/>\n<meta property=\"og:locale\" content=\"ca_ES\" \/>\n<meta property=\"og:type\" content=\"article\" \/>\n<meta property=\"og:title\" content=\"Condicions generals de venda - Baro d&#039;evel\" \/>\n<meta property=\"og:description\" content=\"OBJECTE Aquestes condicions generals de venda estableixen les condicions aplicables a les vendes subscrites entre: d\u2019una banda, les persones f\u00edsiques que vulguin efectuar una compra a trav\u00e9s de la p\u00e0gina https:\/\/barodevel.com, d\u2019ara endavant, el client, i, de l\u2019altra, l\u2019empresa Baro d\u2019Evel, que s\u2019encarrega de l\u2019explotaci\u00f3 de la p\u00e0gina d\u2019internet esmentada. Baro d&#8217;Evel es reserva el [&hellip;]\" \/>\n<meta property=\"og:url\" content=\"https:\/\/barodevel.com\/ca\/condicions-generals-de-venda\/\" \/>\n<meta property=\"og:site_name\" content=\"Baro d&#039;evel\" \/>\n<meta property=\"article:publisher\" content=\"https:\/\/www.facebook.com\/barodevelcirk\/\" \/>\n<meta property=\"article:modified_time\" content=\"2022-02-18T14:08:18+00:00\" \/>\n<meta property=\"og:image\" content=\"https:\/\/barodevel.com\/wp-content\/uploads\/2018\/04\/la-micro.jpg\" \/>\n\t<meta property=\"og:image:width\" content=\"2000\" \/>\n\t<meta property=\"og:image:height\" content=\"1335\" \/>\n\t<meta property=\"og:image:type\" content=\"image\/jpeg\" \/>\n<meta name=\"twitter:card\" content=\"summary_large_image\" \/>\n<meta name=\"twitter:label1\" content=\"Temps estimat de lectura\" \/>\n\t<meta name=\"twitter:data1\" content=\"5 minuts\" \/>\n<script type=\"application\/ld+json\" class=\"yoast-schema-graph\">{\"@context\":\"https:\/\/schema.org\",\"@graph\":[{\"@type\":\"WebPage\",\"@id\":\"https:\/\/barodevel.com\/ca\/condicions-generals-de-venda\/\",\"url\":\"https:\/\/barodevel.com\/ca\/condicions-generals-de-venda\/\",\"name\":\"Condicions generals de venda - Baro d&#039;evel\",\"isPartOf\":{\"@id\":\"https:\/\/barodevel.com\/ca\/#website\"},\"datePublished\":\"2022-02-15T17:20:16+00:00\",\"dateModified\":\"2022-02-18T14:08:18+00:00\",\"breadcrumb\":{\"@id\":\"https:\/\/barodevel.com\/ca\/condicions-generals-de-venda\/#breadcrumb\"},\"inLanguage\":\"ca\",\"potentialAction\":[{\"@type\":\"ReadAction\",\"target\":[\"https:\/\/barodevel.com\/ca\/condicions-generals-de-venda\/\"]}]},{\"@type\":\"BreadcrumbList\",\"@id\":\"https:\/\/barodevel.com\/ca\/condicions-generals-de-venda\/#breadcrumb\",\"itemListElement\":[{\"@type\":\"ListItem\",\"position\":1,\"name\":\"Accueil\",\"item\":\"https:\/\/barodevel.com\/ca\/\"},{\"@type\":\"ListItem\",\"position\":2,\"name\":\"Condicions generals de venda\"}]},{\"@type\":\"WebSite\",\"@id\":\"https:\/\/barodevel.com\/ca\/#website\",\"url\":\"https:\/\/barodevel.com\/ca\/\",\"name\":\"Baro d&#039;evel\",\"description\":\"\",\"publisher\":{\"@id\":\"https:\/\/barodevel.com\/ca\/#organization\"},\"potentialAction\":[{\"@type\":\"SearchAction\",\"target\":{\"@type\":\"EntryPoint\",\"urlTemplate\":\"https:\/\/barodevel.com\/ca\/?s={search_term_string}\"},\"query-input\":{\"@type\":\"PropertyValueSpecification\",\"valueRequired\":true,\"valueName\":\"search_term_string\"}}],\"inLanguage\":\"ca\"},{\"@type\":\"Organization\",\"@id\":\"https:\/\/barodevel.com\/ca\/#organization\",\"name\":\"Baro d'evel\",\"url\":\"https:\/\/barodevel.com\/ca\/\",\"logo\":{\"@type\":\"ImageObject\",\"inLanguage\":\"ca\",\"@id\":\"https:\/\/barodevel.com\/ca\/#\/schema\/logo\/image\/\",\"url\":\"https:\/\/barodevel.com\/wp-content\/uploads\/2018\/04\/baro-logo-mentions-legales-200.png\",\"contentUrl\":\"https:\/\/barodevel.com\/wp-content\/uploads\/2018\/04\/baro-logo-mentions-legales-200.png\",\"width\":200,\"height\":200,\"caption\":\"Baro d'evel\"},\"image\":{\"@id\":\"https:\/\/barodevel.com\/ca\/#\/schema\/logo\/image\/\"},\"sameAs\":[\"https:\/\/www.facebook.com\/barodevelcirk\/\",\"https:\/\/www.instagram.com\/barodevel\/\"]}]}<\/script>\n<!-- \/ Yoast SEO plugin. -->","yoast_head_json":{"title":"Condicions generals de venda - Baro d&#039;evel","robots":{"index":"index","follow":"follow","max-snippet":"max-snippet:-1","max-image-preview":"max-image-preview:large","max-video-preview":"max-video-preview:-1"},"canonical":"https:\/\/barodevel.com\/ca\/condicions-generals-de-venda\/","og_locale":"ca_ES","og_type":"article","og_title":"Condicions generals de venda - Baro d&#039;evel","og_description":"OBJECTE Aquestes condicions generals de venda estableixen les condicions aplicables a les vendes subscrites entre: d\u2019una banda, les persones f\u00edsiques que vulguin efectuar una compra a trav\u00e9s de la p\u00e0gina https:\/\/barodevel.com, d\u2019ara endavant, el client, i, de l\u2019altra, l\u2019empresa Baro d\u2019Evel, que s\u2019encarrega de l\u2019explotaci\u00f3 de la p\u00e0gina d\u2019internet esmentada. Baro d&#8217;Evel es reserva el [&hellip;]","og_url":"https:\/\/barodevel.com\/ca\/condicions-generals-de-venda\/","og_site_name":"Baro d&#039;evel","article_publisher":"https:\/\/www.facebook.com\/barodevelcirk\/","article_modified_time":"2022-02-18T14:08:18+00:00","og_image":[{"width":2000,"height":1335,"url":"https:\/\/barodevel.com\/wp-content\/uploads\/2018\/04\/la-micro.jpg","type":"image\/jpeg"}],"twitter_card":"summary_large_image","twitter_misc":{"Temps estimat de lectura":"5 minuts"},"schema":{"@context":"https:\/\/schema.org","@graph":[{"@type":"WebPage","@id":"https:\/\/barodevel.com\/ca\/condicions-generals-de-venda\/","url":"https:\/\/barodevel.com\/ca\/condicions-generals-de-venda\/","name":"Condicions generals de venda - Baro d&#039;evel","isPartOf":{"@id":"https:\/\/barodevel.com\/ca\/#website"},"datePublished":"2022-02-15T17:20:16+00:00","dateModified":"2022-02-18T14:08:18+00:00","breadcrumb":{"@id":"https:\/\/barodevel.com\/ca\/condicions-generals-de-venda\/#breadcrumb"},"inLanguage":"ca","potentialAction":[{"@type":"ReadAction","target":["https:\/\/barodevel.com\/ca\/condicions-generals-de-venda\/"]}]},{"@type":"BreadcrumbList","@id":"https:\/\/barodevel.com\/ca\/condicions-generals-de-venda\/#breadcrumb","itemListElement":[{"@type":"ListItem","position":1,"name":"Accueil","item":"https:\/\/barodevel.com\/ca\/"},{"@type":"ListItem","position":2,"name":"Condicions generals de venda"}]},{"@type":"WebSite","@id":"https:\/\/barodevel.com\/ca\/#website","url":"https:\/\/barodevel.com\/ca\/","name":"Baro d&#039;evel","description":"","publisher":{"@id":"https:\/\/barodevel.com\/ca\/#organization"},"potentialAction":[{"@type":"SearchAction","target":{"@type":"EntryPoint","urlTemplate":"https:\/\/barodevel.com\/ca\/?s={search_term_string}"},"query-input":{"@type":"PropertyValueSpecification","valueRequired":true,"valueName":"search_term_string"}}],"inLanguage":"ca"},{"@type":"Organization","@id":"https:\/\/barodevel.com\/ca\/#organization","name":"Baro d'evel","url":"https:\/\/barodevel.com\/ca\/","logo":{"@type":"ImageObject","inLanguage":"ca","@id":"https:\/\/barodevel.com\/ca\/#\/schema\/logo\/image\/","url":"https:\/\/barodevel.com\/wp-content\/uploads\/2018\/04\/baro-logo-mentions-legales-200.png","contentUrl":"https:\/\/barodevel.com\/wp-content\/uploads\/2018\/04\/baro-logo-mentions-legales-200.png","width":200,"height":200,"caption":"Baro d'evel"},"image":{"@id":"https:\/\/barodevel.com\/ca\/#\/schema\/logo\/image\/"},"sameAs":["https:\/\/www.facebook.com\/barodevelcirk\/","https:\/\/www.instagram.com\/barodevel\/"]}]}},"_links":{"self":[{"href":"https:\/\/barodevel.com\/ca\/wp-json\/wp\/v2\/pages\/8815","targetHints":{"allow":["GET"]}}],"collection":[{"href":"https:\/\/barodevel.com\/ca\/wp-json\/wp\/v2\/pages"}],"about":[{"href":"https:\/\/barodevel.com\/ca\/wp-json\/wp\/v2\/types\/page"}],"author":[{"embeddable":true,"href":"https:\/\/barodevel.com\/ca\/wp-json\/wp\/v2\/users\/2"}],"replies":[{"embeddable":true,"href":"https:\/\/barodevel.com\/ca\/wp-json\/wp\/v2\/comments?post=8815"}],"version-history":[{"count":0,"href":"https:\/\/barodevel.com\/ca\/wp-json\/wp\/v2\/pages\/8815\/revisions"}],"wp:attachment":[{"href":"https:\/\/barodevel.com\/ca\/wp-json\/wp\/v2\/media?parent=8815"}],"curies":[{"name":"wp","href":"https:\/\/api.w.org\/{rel}","templated":true}]}}